{"id":8,"date":"2022-10-26T09:30:48","date_gmt":"2022-10-26T09:30:48","guid":{"rendered":"https:\/\/j354295.servers.jiffybox.net\/?page_id=8"},"modified":"2025-11-21T08:43:33","modified_gmt":"2025-11-21T08:43:33","slug":"home","status":"publish","type":"page","link":"https:\/\/reisemedizinbonn.de\/","title":{"rendered":"Startseite"},"content":{"rendered":"\n<p class=\"has-text-align-center has-black-color has-text-color\">Herzlich willkommen auf der Homepage unseres Vereins! <\/p>\n\n\n\n<p>Hier gelangen Sie mit einem Mausklick zu Informationen zum <\/p>\n\n\n\n<p class=\"has-text-align-center\"><strong><a href=\"https:\/\/reisemedizinbonn.de\/index.php\/28-symposium-2026\/\" data-type=\"page\" data-id=\"601\">28. Symposium Reisemedizin, Impfschutz und internationale Gesundheit &#8211; Public Health<\/a><\/strong><\/p>\n\n\n\n<p><\/p>\n\n\n\n<p class=\"has-text-align-center has-black-color has-text-color\">Informationen zum<\/p>\n\n\n\n<p class=\"has-text-align-center has-black-color has-text-color has-medium-font-size\"><strong>27. Symposium Reisemedizin, Impfschutz und internationale Gesundheit &#8211; Public Health <\/strong><\/p>\n\n\n\n<p class=\"has-text-align-center has-black-color has-text-color\">das am <strong>22.2.2025 <\/strong>als <strong>Webinar<\/strong> stattgefunden hat, finden Sie <a href=\"https:\/\/reisemedizinbonn.de\/index.php\/27-symposium-2025\/\" data-type=\"page\" data-id=\"560\">hier!<\/a><\/p>\n\n\n\n<p><\/p>\n\n\n\n<p class=\"has-text-align-center has-black-color has-text-color\">Auch das vorherige &#8211; 26. &#8211; Symposium hat am <strong>2.3.2024<\/strong> als <strong>Webinar<\/strong> stattgefunden.<\/p>\n\n\n\n<p>Der Gr\u00fcnder unseres Symposiums, Dr. Karl Anspach, konnte leider die Begr\u00fc\u00dfungsrede nicht selbst halten, Sie finden sie daher hier in <a rel=\"noreferrer noopener\" href=\"https:\/\/reisemedizin.dyndns.org\/anmeldung\/anspach.pdf\" data-type=\"URL\" target=\"_blank\">schriftlicher Form.<\/a><\/p>\n\n\n\n<p class=\"has-text-align-center has-black-color has-text-color\"><\/p>\n\n\n\n<div style=\"height:70px\" aria-hidden=\"true\" class=\"wp-block-spacer\"><\/div>\n\n\n\n<hr class=\"wp-block-separator has-alpha-channel-opacity\"\/>\n\n\n\n<p class=\"has-text-align-center\"><em>Bitte sehen Sie uns nach, wenn Teile dieser Webseite noch erg\u00e4nzt werden m\u00fcssen &#8211; wir sind ein kleines Team von Freiwilligen.<\/em><\/p>\n\n\n\n<p><\/p>\n\n\n\n<p><\/p>\n","protected":false},"excerpt":{"rendered":"<p>Herzlich willkommen auf der Homepage unseres Vereins! Hier gelangen Sie mit einem Mausklick zu Informationen zum 28. Symposium Reisemedizin, Impfschutz und internationale Gesundheit &#8211; Public Health Informationen zum 27. Symposium Reisemedizin, Impfschutz und internationale Gesundheit &#8211; Public Health das am 22.2.2025 als Webinar stattgefunden hat, finden Sie hier! Auch das [&hellip;]<\/p>\n","protected":false},"author":3,"featured_media":0,"parent":0,"menu_order":0,"comment_status":"closed","ping_status":"closed","template":"","meta":{"footnotes":""},"class_list":["post-8","page","type-page","status-publish","hentry"],"_links":{"self":[{"href":"https:\/\/reisemedizinbonn.de\/index.php\/wp-json\/wp\/v2\/pages\/8","targetHints":{"allow":["GET"]}}],"collection":[{"href":"https:\/\/reisemedizinbonn.de\/index.php\/wp-json\/wp\/v2\/pages"}],"about":[{"href":"https:\/\/reisemedizinbonn.de\/index.php\/wp-json\/wp\/v2\/types\/page"}],"author":[{"embeddable":true,"href":"https:\/\/reisemedizinbonn.de\/index.php\/wp-json\/wp\/v2\/users\/3"}],"replies":[{"embeddable":true,"href":"https:\/\/reisemedizinbonn.de\/index.php\/wp-json\/wp\/v2\/comments?post=8"}],"version-history":[{"count":29,"href":"https:\/\/reisemedizinbonn.de\/index.php\/wp-json\/wp\/v2\/pages\/8\/revisions"}],"predecessor-version":[{"id":618,"href":"https:\/\/reisemedizinbonn.de\/index.php\/wp-json\/wp\/v2\/pages\/8\/revisions\/618"}],"wp:attachment":[{"href":"https:\/\/reisemedizinbonn.de\/index.php\/wp-json\/wp\/v2\/media?parent=8"}],"curies":[{"name":"wp","href":"https:\/\/api.w.org\/{rel}","templated":true}]}}